{"id":138,"date":"2019-08-02T01:02:48","date_gmt":"2019-08-02T01:02:48","guid":{"rendered":"https:\/\/www.colegionuevomundo.edu.ec\/web\/?page_id=138"},"modified":"2023-01-05T03:09:52","modified_gmt":"2023-01-05T03:09:52","slug":"vida-estudiantil","status":"publish","type":"page","link":"https:\/\/www.colegionuevomundo.edu.ec\/web\/vida-estudiantil\/","title":{"rendered":"\u00bfQui\u00e9nes somos?"},"content":{"rendered":"<div id=\"modal-ready\">\t\t<div data-elementor-type=\"wp-page\" data-elementor-id=\"138\" class=\"elementor elementor-138\">\n\t\t\t\t\t\t<div class=\"elementor-inner\">\n\t\t\t\t<div class=\"elementor-section-wrap\">\n\t\t\t\t\t\t\t\t\t<section class=\"elementor-section elementor-top-section elementor-element elementor-element-024e975 elementor-section-boxed elementor-section-height-default elementor-section-height-default\" data-id=\"024e975\" data-element_type=\"section\">\n\t\t\t\t\t\t<div class=\"elementor-container elementor-column-gap-default\">\n\t\t\t\t\t\t\t<div class=\"elementor-row\">\n\t\t\t\t\t<div class=\"elementor-column elementor-col-100 elementor-top-column elementor-element elementor-element-371fbad\" data-id=\"371fbad\" data-element_type=\"column\">\n\t\t\t<div class=\"elementor-column-wrap elementor-element-populated\">\n\t\t\t\t\t\t\t<div class=\"elementor-widget-wrap\">\n\t\t\t\t\t\t<div class=\"elementor-element elementor-element-fb205d5 elementor-widget elementor-widget-text-editor\" data-id=\"fb205d5\" data-element_type=\"widget\" data-widget_type=\"text-editor.default\">\n\t\t\t\t<div class=\"elementor-widget-container\">\n\t\t\t\t\t\t\t\t<div class=\"elementor-text-editor elementor-clearfix\">\n\t\t\t\t<p>El Colegio Nuevo Mundo, fue fundado en el a\u00f1o de 1990, y actualmente se encuentra ubicado en el norte de Quito. Somos reconocidos en el medio por ser una instituci\u00f3n inclusiva sustentada en las corrientes educativas humanista-constructivista, que promueve el desarrollo del pensamiento l\u00f3gico, cr\u00edtico, creativo; el respeto a la individualidad, la diversidad y el entorno.<\/p>\t\t\t\t\t<\/div>\n\t\t\t\t\t\t<\/div>\n\t\t\t\t<\/div>\n\t\t\t\t\t\t<\/div>\n\t\t\t\t\t<\/div>\n\t\t<\/div>\n\t\t\t\t\t\t\t\t<\/div>\n\t\t\t\t\t<\/div>\n\t\t<\/section>\n\t\t\t\t<section class=\"elementor-section elementor-top-section elementor-element elementor-element-2736f12 elementor-section-full_width elementor-section-stretched elementor-section-height-default elementor-section-height-default\" data-id=\"2736f12\" data-element_type=\"section\" data-settings=\"{&quot;stretch_section&quot;:&quot;section-stretched&quot;}\">\n\t\t\t\t\t\t<div class=\"elementor-container elementor-column-gap-no\">\n\t\t\t\t\t\t\t<div class=\"elementor-row\">\n\t\t\t\t\t<div class=\"elementor-column elementor-col-100 elementor-top-column elementor-element elementor-element-e49c333\" data-id=\"e49c333\" data-element_type=\"column\">\n\t\t\t<div class=\"elementor-column-wrap elementor-element-populated\">\n\t\t\t\t\t\t\t<div class=\"elementor-widget-wrap\">\n\t\t\t\t\t\t<div class=\"elementor-element elementor-element-c222ef6 elementor-widget elementor-widget-image\" data-id=\"c222ef6\" data-element_type=\"widget\" data-widget_type=\"image.default\">\n\t\t\t\t<div class=\"elementor-widget-container\">\n\t\t\t\t\t\t\t\t<div class=\"elementor-image\">\n\t\t\t\t\t\t\t\t\t\t\t\t<img decoding=\"async\" width=\"950\" height=\"494\" src=\"https:\/\/www.colegionuevomundo.edu.ec\/web\/wp-content\/uploads\/2022\/11\/OFERTA-ACADEMICA-1024x533.jpg\" class=\"attachment-large size-large wp-image-1708\" alt=\"\" loading=\"lazy\" srcset=\"https:\/\/www.colegionuevomundo.edu.ec\/web\/wp-content\/uploads\/2022\/11\/OFERTA-ACADEMICA-1024x533.jpg 1024w, https:\/\/www.colegionuevomundo.edu.ec\/web\/wp-content\/uploads\/2022\/11\/OFERTA-ACADEMICA-300x156.jpg 300w, https:\/\/www.colegionuevomundo.edu.ec\/web\/wp-content\/uploads\/2022\/11\/OFERTA-ACADEMICA-768x400.jpg 768w, https:\/\/www.colegionuevomundo.edu.ec\/web\/wp-content\/uploads\/2022\/11\/OFERTA-ACADEMICA-1536x800.jpg 1536w, https:\/\/www.colegionuevomundo.edu.ec\/web\/wp-content\/uploads\/2022\/11\/OFERTA-ACADEMICA-350x182.jpg 350w, https:\/\/www.colegionuevomundo.edu.ec\/web\/wp-content\/uploads\/2022\/11\/OFERTA-ACADEMICA-600x313.jpg 600w, https:\/\/www.colegionuevomundo.edu.ec\/web\/wp-content\/uploads\/2022\/11\/OFERTA-ACADEMICA.jpg 1920w\" sizes=\"100vw\" \/>\t\t\t\t\t\t\t\t\t\t\t\t\t\t<\/div>\n\t\t\t\t\t\t<\/div>\n\t\t\t\t<\/div>\n\t\t\t\t\t\t<\/div>\n\t\t\t\t\t<\/div>\n\t\t<\/div>\n\t\t\t\t\t\t\t\t<\/div>\n\t\t\t\t\t<\/div>\n\t\t<\/section>\n\t\t\t\t<section class=\"elementor-section elementor-top-section elementor-element elementor-element-56ae02a elementor-section-boxed elementor-section-height-default elementor-section-height-default\" data-id=\"56ae02a\" data-element_type=\"section\">\n\t\t\t\t\t\t<div class=\"elementor-container elementor-column-gap-default\">\n\t\t\t\t\t\t\t<div class=\"elementor-row\">\n\t\t\t\t\t<div class=\"elementor-column elementor-col-100 elementor-top-column elementor-element elementor-element-903cebd\" data-id=\"903cebd\" data-element_type=\"column\">\n\t\t\t<div class=\"elementor-column-wrap elementor-element-populated\">\n\t\t\t\t\t\t\t<div class=\"elementor-widget-wrap\">\n\t\t\t\t\t\t<div class=\"elementor-element elementor-element-d4a60c8 elementor-widget elementor-widget-text-editor\" data-id=\"d4a60c8\" data-element_type=\"widget\" data-widget_type=\"text-editor.default\">\n\t\t\t\t<div class=\"elementor-widget-container\">\n\t\t\t\t\t\t\t\t<div class=\"elementor-text-editor elementor-clearfix\">\n\t\t\t\t\t\t\t\t\t<\/div>\n\t\t\t\t\t\t<\/div>\n\t\t\t\t<\/div>\n\t\t\t\t<div class=\"elementor-element elementor-element-7348102 elementor-widget elementor-widget-heading\" data-id=\"7348102\" data-element_type=\"widget\" data-widget_type=\"heading.default\">\n\t\t\t\t<div class=\"elementor-widget-container\">\n\t\t\t<h2 class=\"elementor-heading-title elementor-size-medium\"><b>Respeto a la individualidad: <br><\/b>Los estudiantes merecen respeto por el ritmo de aprendizaje, por su forma de aprender y comprender el mundo.<br>\n<b>Aprendizaje basado en proyectos (ABP):<\/b><br>Permite a los estudiantes involucrarse y ser los protagonistas de su propio aprendizaje, buscando la aplicaci\u00f3n pr\u00e1ctica de lo aprendido en situaciones o problemas reales.Estimula la creatividad e investigaci\u00f3n, el trabajo en equipo, el uso adecuado de las tecnolog\u00edas y el pensamiento cr\u00edtico.<br>\n<b>Lenguaje integral y expresi\u00f3n art\u00edstica:<\/b><br>busca sensibilizar a los estudiantes para apreciar, disfrutar y expresarse a trav\u00e9s del lenguaje y del arte (m\u00fasica y expresi\u00f3n pl\u00e1stica).<br>\n<b>Trabajo cercano a las necesidades emocionales:<\/b>\nSe realiza un seguimiento permanente desde el DECE, tutores y direcciones.<\/h2>\t\t<\/div>\n\t\t\t\t<\/div>\n\t\t\t\t\t\t<\/div>\n\t\t\t\t\t<\/div>\n\t\t<\/div>\n\t\t\t\t\t\t\t\t<\/div>\n\t\t\t\t\t<\/div>\n\t\t<\/section>\n\t\t\t\t<section class=\"elementor-section elementor-top-section elementor-element elementor-element-4852892 elementor-section-boxed elementor-section-height-default elementor-section-height-default\" data-id=\"4852892\" data-element_type=\"section\">\n\t\t\t\t\t\t<div class=\"elementor-container elementor-column-gap-default\">\n\t\t\t\t\t\t\t<div class=\"elementor-row\">\n\t\t\t\t\t<div class=\"elementor-column elementor-col-100 elementor-top-column elementor-element elementor-element-2290d34\" data-id=\"2290d34\" data-element_type=\"column\">\n\t\t\t<div class=\"elementor-column-wrap elementor-element-populated\">\n\t\t\t\t\t\t\t<div class=\"elementor-widget-wrap\">\n\t\t\t\t\t\t<div class=\"elementor-element elementor-element-7ec2d30 e-transform elementor-widget elementor-widget-spacer\" data-id=\"7ec2d30\" data-element_type=\"widget\" data-settings=\"{&quot;_transform_scale_effect&quot;:{&quot;unit&quot;:&quot;px&quot;,&quot;size&quot;:0.8000000000000000444089209850062616169452667236328125,&quot;sizes&quot;:[]},&quot;_transform_scale_effect_tablet&quot;:{&quot;unit&quot;:&quot;px&quot;,&quot;size&quot;:&quot;&quot;,&quot;sizes&quot;:[]},&quot;_transform_scale_effect_mobile&quot;:{&quot;unit&quot;:&quot;px&quot;,&quot;size&quot;:&quot;&quot;,&quot;sizes&quot;:[]}}\" data-widget_type=\"spacer.default\">\n\t\t\t\t<div class=\"elementor-widget-container\">\n\t\t\t\t\t<div class=\"elementor-spacer\">\n\t\t\t<div class=\"elementor-spacer-inner\"><\/div>\n\t\t<\/div>\n\t\t\t\t<\/div>\n\t\t\t\t<\/div>\n\t\t\t\t\t\t<\/div>\n\t\t\t\t\t<\/div>\n\t\t<\/div>\n\t\t\t\t\t\t\t\t<\/div>\n\t\t\t\t\t<\/div>\n\t\t<\/section>\n\t\t\t\t<section class=\"elementor-section elementor-top-section elementor-element elementor-element-6a4d352 elementor-section-boxed elementor-section-height-default elementor-section-height-default\" data-id=\"6a4d352\" data-element_type=\"section\" data-settings=\"{&quot;background_background&quot;:&quot;classic&quot;}\">\n\t\t\t\t\t\t<div class=\"elementor-container elementor-column-gap-default\">\n\t\t\t\t\t\t\t<div class=\"elementor-row\">\n\t\t\t\t\t<div class=\"elementor-column elementor-col-100 elementor-top-column elementor-element elementor-element-a8abfb1\" data-id=\"a8abfb1\" data-element_type=\"column\">\n\t\t\t<div class=\"elementor-column-wrap elementor-element-populated\">\n\t\t\t\t\t\t\t<div class=\"elementor-widget-wrap\">\n\t\t\t\t\t\t<div class=\"elementor-element elementor-element-9187f01 elementor-widget elementor-widget-heading\" data-id=\"9187f01\" data-element_type=\"widget\" data-widget_type=\"heading.default\">\n\t\t\t\t<div class=\"elementor-widget-container\">\n\t\t\t<h2 class=\"elementor-heading-title elementor-size-default\">MISI\u00d3N<\/h2>\t\t<\/div>\n\t\t\t\t<\/div>\n\t\t\t\t<div class=\"elementor-element elementor-element-dd3b186 elementor-widget elementor-widget-text-editor\" data-id=\"dd3b186\" data-element_type=\"widget\" data-widget_type=\"text-editor.default\">\n\t\t\t\t<div class=\"elementor-widget-container\">\n\t\t\t\t\t\t\t\t<div class=\"elementor-text-editor elementor-clearfix\">\n\t\t\t\t<p>\u201cSomos una instituci\u00f3n inclusiva de educaci\u00f3n integral inicial, b\u00e1sica y de bachillerato sustentada en la concepci\u00f3n humanista-constructivista y ecol\u00f3gica, que promueve el desarrollo del pensamiento, l\u00f3gico, cr\u00edtico y creativo, el respeto a la individualidad, la diversidad y al entorno, para generar procesos de cambio personal y social, con el fin de mejorar la condici\u00f3n humana\u201d.<\/p>\t\t\t\t\t<\/div>\n\t\t\t\t\t\t<\/div>\n\t\t\t\t<\/div>\n\t\t\t\t<div class=\"elementor-element elementor-element-248be55 elementor-widget elementor-widget-heading\" data-id=\"248be55\" data-element_type=\"widget\" data-widget_type=\"heading.default\">\n\t\t\t\t<div class=\"elementor-widget-container\">\n\t\t\t<h2 class=\"elementor-heading-title elementor-size-default\">VISI\u00d3N<\/h2>\t\t<\/div>\n\t\t\t\t<\/div>\n\t\t\t\t<div class=\"elementor-element elementor-element-c47afd6 elementor-widget elementor-widget-heading\" data-id=\"c47afd6\" data-element_type=\"widget\" data-widget_type=\"heading.default\">\n\t\t\t\t<div class=\"elementor-widget-container\">\n\t\t\t<h2 class=\"elementor-heading-title elementor-size-default\">El Colegio Nuevo Mundo ser\u00e1 una instituci\u00f3n reconocida en el medio educativo por su propuesta pedag\u00f3gica humanista-constructivista con bases acad\u00e9micas s\u00f3lidas y expresiones art\u00edsticas que aporten al crecimiento integral de nuestros estudiantes y, a trav\u00e9s de ellos, a la sociedad.\n\n<\/h2>\t\t<\/div>\n\t\t\t\t<\/div>\n\t\t\t\t\t\t<\/div>\n\t\t\t\t\t<\/div>\n\t\t<\/div>\n\t\t\t\t\t\t\t\t<\/div>\n\t\t\t\t\t<\/div>\n\t\t<\/section>\n\t\t\t\t<section class=\"elementor-section elementor-top-section elementor-element elementor-element-af065d1 elementor-section-boxed elementor-section-height-default elementor-section-height-default\" data-id=\"af065d1\" data-element_type=\"section\">\n\t\t\t\t\t\t<div class=\"elementor-container elementor-column-gap-default\">\n\t\t\t\t\t\t\t<div class=\"elementor-row\">\n\t\t\t\t\t<div class=\"elementor-column elementor-col-100 elementor-top-column elementor-element elementor-element-dd7f9ab\" data-id=\"dd7f9ab\" data-element_type=\"column\">\n\t\t\t<div class=\"elementor-column-wrap elementor-element-populated\">\n\t\t\t\t\t\t\t<div class=\"elementor-widget-wrap\">\n\t\t\t\t\t\t<div class=\"elementor-element elementor-element-44d8776 elementor-widget elementor-widget-spacer\" data-id=\"44d8776\" data-element_type=\"widget\" data-widget_type=\"spacer.default\">\n\t\t\t\t<div class=\"elementor-widget-container\">\n\t\t\t\t\t<div class=\"elementor-spacer\">\n\t\t\t<div class=\"elementor-spacer-inner\"><\/div>\n\t\t<\/div>\n\t\t\t\t<\/div>\n\t\t\t\t<\/div>\n\t\t\t\t\t\t<\/div>\n\t\t\t\t\t<\/div>\n\t\t<\/div>\n\t\t\t\t\t\t\t\t<\/div>\n\t\t\t\t\t<\/div>\n\t\t<\/section>\n\t\t\t\t\t\t\t\t\t<\/div>\n\t\t\t<\/div>\n\t\t\t\t\t<\/div>\n\t\t<\/div>","protected":false},"excerpt":{"rendered":"<p>El Colegio Nuevo Mundo, fue fundado en el a\u00f1o de 1990, y actualmente se encuentra ubicado en el norte de Quito. Somos reconocidos en el medio por ser una instituci\u00f3n inclusiva sustentada en las corrientes educativas humanista-constructivista, que promueve el desarrollo del pensamiento l\u00f3gico, cr\u00edtico, creativo; el respeto a la individualidad, la diversidad y el &hellip; <\/p>\n<p class=\"link-more\"><a href=\"https:\/\/www.colegionuevomundo.edu.ec\/web\/vida-estudiantil\/\" class=\"more-link\">Leer m\u00e1s<span class=\"screen-reader-text\"> \u00ab\u00bfQui\u00e9nes somos?\u00bb<\/span><\/a><\/p>\n","protected":false},"author":1,"featured_media":0,"parent":0,"menu_order":0,"comment_status":"closed","ping_status":"closed","template":"","meta":{"_monsterinsights_skip_tracking":false,"_monsterinsights_sitenote_active":false,"_monsterinsights_sitenote_note":"","_monsterinsights_sitenote_category":0},"featured_media_urls":[],"_links":{"self":[{"href":"https:\/\/www.colegionuevomundo.edu.ec\/web\/wp-json\/wp\/v2\/pages\/138"}],"collection":[{"href":"https:\/\/www.colegionuevomundo.edu.ec\/web\/wp-json\/wp\/v2\/pages"}],"about":[{"href":"https:\/\/www.colegionuevomundo.edu.ec\/web\/wp-json\/wp\/v2\/types\/page"}],"author":[{"embeddable":true,"href":"https:\/\/www.colegionuevomundo.edu.ec\/web\/wp-json\/wp\/v2\/users\/1"}],"replies":[{"embeddable":true,"href":"https:\/\/www.colegionuevomundo.edu.ec\/web\/wp-json\/wp\/v2\/comments?post=138"}],"version-history":[{"count":129,"href":"https:\/\/www.colegionuevomundo.edu.ec\/web\/wp-json\/wp\/v2\/pages\/138\/revisions"}],"predecessor-version":[{"id":2476,"href":"https:\/\/www.colegionuevomundo.edu.ec\/web\/wp-json\/wp\/v2\/pages\/138\/revisions\/2476"}],"wp:attachment":[{"href":"https:\/\/www.colegionuevomundo.edu.ec\/web\/wp-json\/wp\/v2\/media?parent=138"}],"curies":[{"name":"wp","href":"https:\/\/api.w.org\/{rel}","templated":true}]}}